{"id":47,"date":"2022-11-10T13:11:53","date_gmt":"2022-11-10T12:11:53","guid":{"rendered":"http:\/\/www.congressi.unisi.it\/aiucd2023\/?page_id=47"},"modified":"2023-06-12T15:33:49","modified_gmt":"2023-06-12T13:33:49","slug":"comitati","status":"publish","type":"page","link":"https:\/\/www.congressi.unisi.it\/aiucd2023\/comitati\/","title":{"rendered":"Comitato scientifico"},"content":{"rendered":"\n<h4 class=\"wp-block-heading\">Chair<\/h4>\n\n\n\n<ul class=\"wp-block-list\"><li><a rel=\"noreferrer noopener\" href=\"https:\/\/docenti.unisi.it\/it\/stella\" target=\"_blank\">Francesco Stella<\/a> (Universit\u00e0 di Siena)<\/li><li><a rel=\"noreferrer noopener\" href=\"https:\/\/docenti.unisi.it\/it\/carbe\" target=\"_blank\">Emmanuela Carb\u00e9<\/a> (Universit\u00e0 di Siena) co-chair<\/li><\/ul>\n\n\n\n<h4 class=\"wp-block-heading\">Comitato Scientifico<\/h4>\n\n\n\n<ul class=\"wp-block-list\"><li><a rel=\"noreferrer noopener\" href=\"https:\/\/www.uniba.it\/it\/docenti\/barbuti-nicola\" target=\"_blank\">Nicola Barbuti <\/a>(Universit\u00e0 di Bari Aldo Moro)<\/li><li><a rel=\"noreferrer noopener\" href=\"https:\/\/www.unive.it\/data\/persone\/5592048\" target=\"_blank\">Marina Buzzoni <\/a>(Universit\u00e0 Ca&#8217; Foscari di Venezia)<\/li><li><a rel=\"noreferrer noopener\" href=\"https:\/\/www.unisalento.it\/scheda-utente\/-\/people\/fabio.ciraci\" target=\"_blank\">Fabio Cirac\u00ec <\/a>(Universit\u00e0 del Salento)<\/li><li><a rel=\"noreferrer noopener\" href=\"https:\/\/didattica.uniroma2.it\/docenti\/curriculum_vitae\/8353-Fabio-Ciotti\" target=\"_blank\">Fabio Ciotti<\/a> (Universit\u00e0 di Roma Tor Vergata)<\/li><li><a rel=\"noreferrer noopener\" href=\"http:\/\/www.ilc.cnr.it\/it\/content\/angelo-mario-del-grosso\" target=\"_blank\">Angelo Mario Del Grosso<\/a> (CNR &#8211; Pisa)<\/li><li><a rel=\"noreferrer noopener\" href=\"https:\/\/upobook.uniupo.it\/maurizio.lana\" target=\"_blank\">Maurizio Lana<\/a> (Universit\u00e0 del Piemonte Orientale)<\/li><li><a rel=\"noreferrer noopener\" href=\"http:\/\/www.ilc.cnr.it\/it\/content\/monica-monachini\" target=\"_blank\">Monica Monachini<\/a> (CNR Pisa &#8211; Clarin)<\/li><li><a rel=\"noreferrer noopener\" href=\"https:\/\/www.lettere.uniroma1.it\/users\/paolo-monella\" target=\"_blank\">Paolo Monella<\/a> (Universit\u00e0 La Sapienza)<\/li><li><a rel=\"noreferrer noopener\" href=\"https:\/\/culture.campusnet.unito.it\/do\/docenti.pl\/Alias?roberto.rossellidelturco#tab-profilo\" target=\"_blank\">Roberto Rosselli Del Turco<\/a> (Universit\u00e0 di Torino)<\/li><li><a rel=\"noreferrer noopener\" href=\"https:\/\/www.uniroma3.it\/persone\/a21aYkVYR2RUc3E5ZUFvelg1MkYzb2JBNi9uRjNFTkx4aU8yM2t3ZWtvcz0=\/\" target=\"_blank\">Gino Roncaglia<\/a> (Universit\u00e0 di Roma Tre)<\/li><li><a rel=\"noreferrer noopener\" href=\"https:\/\/www.unibo.it\/sitoweb\/francesca.tomasi\" target=\"_blank\">Francesca Tomasi<\/a> (Universit\u00e0 di Bologna)<\/li><\/ul>\n\n\n\n<h4 class=\"wp-block-heading\">Comitato Organizzativo<\/h4>\n\n\n\n<ul class=\"wp-block-list\"><li><a rel=\"noreferrer noopener\" href=\"https:\/\/docenti.unisi.it\/it\/bartoli\" target=\"_blank\">Elisabetta Bartoli<\/a> (Dip. di Filologia e critica, direttrice Master Infotext)<\/li><li><a rel=\"noreferrer noopener\" href=\"https:\/\/docenti.unisi.it\/it\/bellomi\" target=\"_blank\">Paola Bellomi<\/a> (Dip. di Filologia e critica)<\/li><li><a rel=\"noreferrer noopener\" href=\"https:\/\/docenti.unisi.it\/it\/bianchini\" target=\"_blank\">Monica Bianchini<\/a> (Dipartimento di Ingegneria dell&#8217;Informazione e Scienze matematiche)<\/li><li><a rel=\"noreferrer noopener\" href=\"https:\/\/docenti.unisi.it\/it\/calamai\" target=\"_blank\">Silvia Calamai<\/a> (Dip. di Filologia e critica)<\/li><li><a rel=\"noreferrer noopener\" href=\"https:\/\/docenti.unisi.it\/it\/castellana\" target=\"_blank\">Riccardo Castellana<\/a> (Dip. di Filologia e critica)<\/li><li><a rel=\"noreferrer noopener\" href=\"https:\/\/docenti.unisi.it\/it\/nodari\" target=\"_blank\">Rosalba Nodari<\/a> (Dip. di Filologia e critica)<\/li><li><a rel=\"noreferrer noopener\" href=\"https:\/\/docenti.unisi.it\/it\/rizzo\" target=\"_blank\">Antonio Rizzo<\/a> (Dip. di Scienze sociali, politiche e cognitive)<\/li><li><a rel=\"noreferrer noopener\" href=\"https:\/\/docenti.unisi.it\/it\/zanini\" target=\"_blank\">Enrico Zanini<\/a> (Direttore dip. di Scienze storiche e dei Beni culturali)<\/li><\/ul>\n\n\n\n<p>Organizzazione<\/p>\n\n\n\n<ul class=\"wp-block-list\"><li>Gabriele Lo Piccolo (Contrattista Archivio e <a rel=\"noreferrer noopener\" href=\"https:\/\/www.centroideugsu.unisi.it\" target=\"_blank\">Centro studi Comparati I Deug-Su<\/a>)<\/li><li><a rel=\"noreferrer noopener\" href=\"https:\/\/www.unisi.it\/amministrazione-centrale\/segreteria-amministrativa-dipartimento-di-filologia-e-critica-delle\" target=\"_blank\">Francesca Pietrini<\/a> (Segreteria amministrativa DFCLAM)<\/li><li><a rel=\"noreferrer noopener\" href=\"http:\/\/www.congressi.unisi.it\" target=\"_blank\">Supporto eventi culturali e convegnistici UniSI<\/a><\/li><li><a rel=\"noreferrer noopener\" href=\"https:\/\/www.unisi.it\/amministrazione-centrale\/area-ricerca-biblioteche-internazionalizzazione-e-terza-missione\" target=\"_blank\">Area ricerca, biblioteche, internazionalizzazione e terza missione UniSI<\/a><\/li><li><a rel=\"noreferrer noopener\" href=\"https:\/\/www.unisi.it\/area-servizi-allo-studente\/divisione-orientamento-e-diritto-allo-studio\" target=\"_blank\">Divisione orientamento, sostegno allo studio e career service UniSI<\/a><\/li><\/ul>\n\n\n\n<ul class=\"wp-block-list\"><li>Giulia Bassi <\/li><li>Emma Durante<\/li><li>Martina Paccara<\/li><li>Bogdan Groza<\/li><li>Elena Crocicchia<\/li><li>Elisa Petri<\/li><li>Alessia Luvisotto<\/li><li>Giada Giannetti<\/li><li>Paola Monella<\/li><\/ul>\n\n\n\n<p><\/p>\n","protected":false},"excerpt":{"rendered":"<p>Chair Francesco Stella (Universit\u00e0 di Siena) Emmanuela Carb\u00e9 (Universit\u00e0 di Siena) co-chair Comitato Scientifico Nicola Barbuti (Universit\u00e0 di Bari Aldo Moro) Marina Buzzoni (Universit\u00e0 Ca&#8217; Foscari di Venezia) Fabio Cirac\u00ec (Universit\u00e0 del Salento) Fabio Ciotti (Universit\u00e0 di Roma Tor Vergata) Angelo Mario Del Grosso (CNR &#8211; Pisa) Maurizio Lana (Universit\u00e0 del Piemonte Orientale) Monica Monachini &hellip; <a href=\"https:\/\/www.congressi.unisi.it\/aiucd2023\/comitati\/\" class=\"more-link\">Leggi tutto<span class=\"screen-reader-text\"> &#8220;Comitato scientifico&#8221;<\/span><\/a><\/p>\n","protected":false},"author":2,"featured_media":0,"parent":0,"menu_order":0,"comment_status":"closed","ping_status":"closed","template":"","meta":{"saved_in_kubio":false,"footnotes":""},"class_list":["post-47","page","type-page","status-publish","hentry"],"kubio_ai_page_context":{"short_desc":"","purpose":"general"},"_links":{"self":[{"href":"https:\/\/www.congressi.unisi.it\/aiucd2023\/wp-json\/wp\/v2\/pages\/47","targetHints":{"allow":["GET"]}}],"collection":[{"href":"https:\/\/www.congressi.unisi.it\/aiucd2023\/wp-json\/wp\/v2\/pages"}],"about":[{"href":"https:\/\/www.congressi.unisi.it\/aiucd2023\/wp-json\/wp\/v2\/types\/page"}],"author":[{"embeddable":true,"href":"https:\/\/www.congressi.unisi.it\/aiucd2023\/wp-json\/wp\/v2\/users\/2"}],"replies":[{"embeddable":true,"href":"https:\/\/www.congressi.unisi.it\/aiucd2023\/wp-json\/wp\/v2\/comments?post=47"}],"version-history":[{"count":14,"href":"https:\/\/www.congressi.unisi.it\/aiucd2023\/wp-json\/wp\/v2\/pages\/47\/revisions"}],"predecessor-version":[{"id":977,"href":"https:\/\/www.congressi.unisi.it\/aiucd2023\/wp-json\/wp\/v2\/pages\/47\/revisions\/977"}],"wp:attachment":[{"href":"https:\/\/www.congressi.unisi.it\/aiucd2023\/wp-json\/wp\/v2\/media?parent=47"}],"curies":[{"name":"wp","href":"https:\/\/api.w.org\/{rel}","templated":true}]}}